{"id":17900,"date":"2026-04-28T15:22:12","date_gmt":"2026-04-28T13:22:12","guid":{"rendered":"https:\/\/psychosomatik-krause.de\/?page_id=17900"},"modified":"2026-04-28T16:26:30","modified_gmt":"2026-04-28T14:26:30","slug":"private-psychotherapie-stuttgart","status":"publish","type":"page","link":"https:\/\/psychosomatik-krause.de\/en\/private-psychotherapie-stuttgart","title":{"rendered":"Einzelsitzungen Psychotherapie"},"content":{"rendered":"<div data-elementor-type=\"wp-page\" data-elementor-id=\"17900\" class=\"elementor elementor-17900\" data-elementor-post-type=\"page\">\n\t\t\t\t\t\t<section class=\"elementor-section elementor-top-section elementor-element elementor-element-db7703e elementor-section-boxed elementor-section-height-default elementor-section-height-default\" data-id=\"db7703e\" data-element_type=\"section\" data-e-type=\"section\">\n\t\t\t\t\t\t<div class=\"elementor-container elementor-column-gap-default\">\n\t\t\t\t\t<div class=\"elementor-column elementor-col-100 elementor-top-column elementor-element elementor-element-366570c\" data-id=\"366570c\" data-element_type=\"column\" data-e-type=\"column\">\n\t\t\t<div class=\"elementor-widget-wrap elementor-element-populated\">\n\t\t\t\t\t\t<div class=\"elementor-element elementor-element-6acf9a2 elementor-widget elementor-widget-heading\" data-id=\"6acf9a2\" data-element_type=\"widget\" data-e-type=\"widget\" data-widget_type=\"heading.default\">\n\t\t\t\t<div class=\"elementor-widget-container\">\n\t\t\t\t\t<h1 class=\"elementor-heading-title elementor-size-default\">Einzelsitzungen f\u00fcr \u00c4ngste, Depression &amp; Psychosomatik - Stuttgart<\/h1>\t\t\t\t<\/div>\n\t\t\t\t<\/div>\n\t\t\t\t<div class=\"elementor-element elementor-element-153481c elementor-widget elementor-widget-heading\" data-id=\"153481c\" data-element_type=\"widget\" data-e-type=\"widget\" data-widget_type=\"heading.default\">\n\t\t\t\t<div class=\"elementor-widget-container\">\n\t\t\t\t\t<p class=\"elementor-heading-title elementor-size-default\">Privatpraxis f\u00fcr Selbstzahler und Privatversicherte<\/p>\t\t\t\t<\/div>\n\t\t\t\t<\/div>\n\t\t\t\t<div class=\"elementor-element elementor-element-23bc46f elementor-widget elementor-widget-spacer\" data-id=\"23bc46f\" data-element_type=\"widget\" data-e-type=\"widget\" data-widget_type=\"spacer.default\">\n\t\t\t\t<div class=\"elementor-widget-container\">\n\t\t\t\t\t\t\t<div class=\"elementor-spacer\">\n\t\t\t<div class=\"elementor-spacer-inner\"><\/div>\n\t\t<\/div>\n\t\t\t\t\t\t<\/div>\n\t\t\t\t<\/div>\n\t\t\t\t<div class=\"elementor-element elementor-element-029ab02 elementor-widget elementor-widget-heading\" data-id=\"029ab02\" data-element_type=\"widget\" data-e-type=\"widget\" data-widget_type=\"heading.default\">\n\t\t\t\t<div class=\"elementor-widget-container\">\n\t\t\t\t\t<h2 class=\"elementor-heading-title elementor-size-default\">Kurzzeitbegleitung bei \u00c4ngsten, emotionale Belastungen &amp; akute Krisen<\/h2>\t\t\t\t<\/div>\n\t\t\t\t<\/div>\n\t\t\t\t\t<\/div>\n\t\t<\/div>\n\t\t\t\t\t<\/div>\n\t\t<\/section>\n\t\t\t\t<section class=\"elementor-section elementor-top-section elementor-element elementor-element-4b2ec52 elementor-section-boxed elementor-section-height-default elementor-section-height-default\" data-id=\"4b2ec52\" data-element_type=\"section\" data-e-type=\"section\">\n\t\t\t\t\t\t<div class=\"elementor-container elementor-column-gap-default\">\n\t\t\t\t\t<div class=\"elementor-column elementor-col-100 elementor-top-column elementor-element elementor-element-dc3c28f\" data-id=\"dc3c28f\" data-element_type=\"column\" data-e-type=\"column\">\n\t\t\t<div class=\"elementor-widget-wrap elementor-element-populated\">\n\t\t\t\t\t\t<div class=\"elementor-element elementor-element-2417a04 elementor-widget elementor-widget-text-editor\" data-id=\"2417a04\" data-element_type=\"widget\" data-e-type=\"widget\" data-widget_type=\"text-editor.default\">\n\t\t\t\t<div class=\"elementor-widget-container\">\n\t\t\t\t\t\t\t\t\t<p data-start=\"188\" data-end=\"415\">In meiner Praxis f\u00fcr Psychotherapie in Stuttgart behandle ich vor allem akute \u00c4ngste, emotionale Belastungen, belastende Lebenssituationen, Panikattacken und k\u00f6rperliche Symptome ohne Befund im Rahmen gezielter Einzelsitzungen.<\/p><p data-start=\"188\" data-end=\"415\">Einzelsitzungen eignen sich f\u00fcr klar umrissene Anliegen, bei denen keine intensive oder langfristige Begleitung erforderlich ist \u2013 insbesondere dann, wenn Sie sich dennoch eine ganzheitliche und umfassende Betreuung w\u00fcnschen.<\/p><p data-start=\"572\" data-end=\"800\">Auch im Rahmen von Einzelsitzungen kommen Elemente der ONPT zum Einsatz, wie beispielsweise Biofeedback sowie individuelle, begleitende Empfehlungen (z. B. zu Ern\u00e4hrung oder Mikron\u00e4hrstoffen), sofern diese sinnvoll erscheinen.<\/p><p data-start=\"807\" data-end=\"899\">Ziel der Sitzung ist eine gezielte Einordnung und Intervention f\u00fcr Ihr Anliegen.<\/p>\t\t\t\t\t\t\t\t<\/div>\n\t\t\t\t<\/div>\n\t\t\t\t<div class=\"elementor-element elementor-element-d111af0 elementor-widget elementor-widget-heading\" data-id=\"d111af0\" data-element_type=\"widget\" data-e-type=\"widget\" data-widget_type=\"heading.default\">\n\t\t\t\t<div class=\"elementor-widget-container\">\n\t\t\t\t\t<h2 class=\"elementor-heading-title elementor-size-default\">Diagnostik im Rahmen von Einzelsitzungen<\/h2>\t\t\t\t<\/div>\n\t\t\t\t<\/div>\n\t\t\t\t<div class=\"elementor-element elementor-element-2b3a72f elementor-widget elementor-widget-text-editor\" data-id=\"2b3a72f\" data-element_type=\"widget\" data-e-type=\"widget\" data-widget_type=\"text-editor.default\">\n\t\t\t\t<div class=\"elementor-widget-container\">\n\t\t\t\t\t\t\t\t\t<p data-start=\"961\" data-end=\"1150\">Im Unterschied zu den Therapieprogrammen erfolgt hier keine mehrteilige Diagnostik. Stattdessen findet zu Beginn eine kompakte diagnostische Einordnung im Rahmen der ersten Sitzung statt.<\/p><p data-start=\"1157\" data-end=\"1275\">Dabei wird Ihre individuelle Situation strukturiert erfasst und gemeinsam besprochen, welches Vorgehen sinnvoll ist.<\/p><p data-start=\"1282\" data-end=\"1586\">In manchen F\u00e4llen kann das Anliegen bereits im Rahmen einer kurzen, gezielten Intervention bearbeitet werden. Sollte sich jedoch zeigen, dass eine umfassendere Betrachtung notwendig ist, kann eine intensivere und l\u00e4ngerfristige Begleitung im Rahmen eines strukturierten Therapieprogramms empfohlen werden.<\/p>\t\t\t\t\t\t\t\t<\/div>\n\t\t\t\t<\/div>\n\t\t\t\t<div class=\"elementor-element elementor-element-a972696 elementor-widget elementor-widget-heading\" data-id=\"a972696\" data-element_type=\"widget\" data-e-type=\"widget\" data-widget_type=\"heading.default\">\n\t\t\t\t<div class=\"elementor-widget-container\">\n\t\t\t\t\t<h2 class=\"elementor-heading-title elementor-size-default\">F\u00fcr wen geeignet?<\/h2>\t\t\t\t<\/div>\n\t\t\t\t<\/div>\n\t\t\t\t<div class=\"elementor-element elementor-element-3dd8f07 elementor-widget elementor-widget-text-editor\" data-id=\"3dd8f07\" data-element_type=\"widget\" data-e-type=\"widget\" data-widget_type=\"text-editor.default\">\n\t\t\t\t<div class=\"elementor-widget-container\">\n\t\t\t\t\t\t\t\t\t<p>Einzelsitzungen sind vor allem f\u00fcr \u00c4ngste, emotionale Belastungen , belastende Lebenssituationen, akute Panikattacken, allgemeiner \u00dcberlastung und dem Gef\u00fchl, nicht mehr runter zu kommen geeignet, da diese h\u00e4ufig innerhalb weniger Sitzungen behoben werden k\u00f6nnen.\u00a0<\/p>\t\t\t\t\t\t\t\t<\/div>\n\t\t\t\t<\/div>\n\t\t\t\t<div class=\"elementor-element elementor-element-12f35ef elementor-widget elementor-widget-heading\" data-id=\"12f35ef\" data-element_type=\"widget\" data-e-type=\"widget\" data-widget_type=\"heading.default\">\n\t\t\t\t<div class=\"elementor-widget-container\">\n\t\t\t\t\t<h2 class=\"elementor-heading-title elementor-size-default\">Kosten<\/h2>\t\t\t\t<\/div>\n\t\t\t\t<\/div>\n\t\t\t\t<div class=\"elementor-element elementor-element-58f75d0 elementor-widget elementor-widget-text-editor\" data-id=\"58f75d0\" data-element_type=\"widget\" data-e-type=\"widget\" data-widget_type=\"text-editor.default\">\n\t\t\t\t<div class=\"elementor-widget-container\">\n\t\t\t\t\t\t\t\t\t<p>Das Angebot richtet sich an Privatversicherte und Selbstzahler. Eine Einzelsitzung, egal ob als Diagnostik oder Therapie kostet 150\u20ac pro Termin.<\/p>\t\t\t\t\t\t\t\t<\/div>\n\t\t\t\t<\/div>\n\t\t\t\t<div class=\"elementor-element elementor-element-4d485f5 elementor-widget elementor-widget-heading\" data-id=\"4d485f5\" data-element_type=\"widget\" data-e-type=\"widget\" data-widget_type=\"heading.default\">\n\t\t\t\t<div class=\"elementor-widget-container\">\n\t\t\t\t\t<h2 class=\"elementor-heading-title elementor-size-default\">Zeit &amp; Dauer<\/h2>\t\t\t\t<\/div>\n\t\t\t\t<\/div>\n\t\t\t\t<div class=\"elementor-element elementor-element-160c454 elementor-widget elementor-widget-text-editor\" data-id=\"160c454\" data-element_type=\"widget\" data-e-type=\"widget\" data-widget_type=\"text-editor.default\">\n\t\t\t\t<div class=\"elementor-widget-container\">\n\t\t\t\t\t\t\t\t\t<p>Termine dauern je nach Anliegen zwischen 50 &#8211; 70 Minuten.<\/p><p>Pro Anliegen werden bis zu 6 Einzelsitzungen durchgef\u00fchrt. Nach 6 Sitzungen besprechen wir den aktuellen Stand &#8211; ob und in wieweit weitere Sitzungen sinnvoll und notwendig sind.<\/p>\t\t\t\t\t\t\t\t<\/div>\n\t\t\t\t<\/div>\n\t\t\t\t<div class=\"elementor-element elementor-element-a83a1ba elementor-widget elementor-widget-heading\" data-id=\"a83a1ba\" data-element_type=\"widget\" data-e-type=\"widget\" data-widget_type=\"heading.default\">\n\t\t\t\t<div class=\"elementor-widget-container\">\n\t\t\t\t\t<h2 class=\"elementor-heading-title elementor-size-default\">Termin vereinbaren<\/h2>\t\t\t\t<\/div>\n\t\t\t\t<\/div>\n\t\t\t\t<div class=\"elementor-element elementor-element-dc6cda8 elementor-widget elementor-widget-text-editor\" data-id=\"dc6cda8\" data-element_type=\"widget\" data-e-type=\"widget\" data-widget_type=\"text-editor.default\">\n\t\t\t\t<div class=\"elementor-widget-container\">\n\t\t\t\t\t\t\t\t\t<p>Um Ihr Anliegen kurz einzuordnen und f\u00fcr das gegenseitige kennenlernen buchen Sie sich gerne ein kostenloses Erstgespr\u00e4ch<\/p>\t\t\t\t\t\t\t\t<\/div>\n\t\t\t\t<\/div>\n\t\t\t\t<div class=\"elementor-element elementor-element-ef2fa47 elementor-widget elementor-widget-button\" data-id=\"ef2fa47\" data-element_type=\"widget\" data-e-type=\"widget\" data-widget_type=\"button.default\">\n\t\t\t\t<div class=\"elementor-widget-container\">\n\t\t\t\t\t\t\t\t\t<div class=\"elementor-button-wrapper\">\n\t\t\t\t\t<a class=\"elementor-button elementor-button-link elementor-size-sm\" href=\"https:\/\/calendly.com\/centredemedecine\/psychosomatische-erstberatung\" target=\"_blank\" rel=\"noopener\">\n\t\t\t\t\t\t<span class=\"elementor-button-content-wrapper\">\n\t\t\t\t\t\t\t\t\t<span class=\"elementor-button-text\">Jetzt Termin sichern<\/span>\n\t\t\t\t\t<\/span>\n\t\t\t\t\t<\/a>\n\t\t\t\t<\/div>\n\t\t\t\t\t\t\t\t<\/div>\n\t\t\t\t<\/div>\n\t\t\t\t\t<\/div>\n\t\t<\/div>\n\t\t\t\t\t<\/div>\n\t\t<\/section>\n\t\t\t\t<\/div>","protected":false},"excerpt":{"rendered":"<p>Einzelsitzungen f\u00fcr \u00c4ngste, Depression &amp; Psychosomatik &#8211; Stuttgart Privatpraxis f\u00fcr Selbstzahler und Privatversicherte Kurzzeitbegleitung bei \u00c4ngsten, emotionale Belastungen &amp; akute [&hellip;]<\/p>\n","protected":false},"author":2,"featured_media":0,"parent":0,"menu_order":0,"comment_status":"closed","ping_status":"closed","template":"","meta":{"site-sidebar-layout":"no-sidebar","site-content-layout":"page-builder","ast-site-content-layout":"full-width-container","site-content-style":"default","site-sidebar-style":"default","ast-global-header-display":"","ast-banner-title-visibility":"","ast-main-header-display":"","ast-hfb-above-header-display":"","ast-hfb-below-header-display":"","ast-hfb-mobile-header-display":"","site-post-title":"disabled","ast-breadcrumbs-content":"","ast-featured-img":"disabled","footer-sml-layout":"","ast-disable-related-posts":"","theme-transparent-header-meta":"","adv-header-id-meta":"","stick-header-meta":"","header-above-stick-meta":"","header-main-stick-meta":"","header-below-stick-meta":"","astra-migrate-meta-layouts":"set","ast-page-background-enabled":"default","ast-page-background-meta":{"desktop":{"background-color":"var(--ast-global-color-4)","background-image":"","background-repeat":"repeat","background-position":"center center","background-size":"auto","background-attachment":"scroll","background-type":"","background-media":"","overlay-type":"","overlay-color":"","overlay-opacity":"","overlay-gradient":""},"tablet":{"background-color":"","background-image":"","background-repeat":"repeat","background-position":"center center","background-size":"auto","background-attachment":"scroll","background-type":"","background-media":"","overlay-type":"","overlay-color":"","overlay-opacity":"","overlay-gradient":""},"mobile":{"background-color":"","background-image":"","background-repeat":"repeat","background-position":"center center","background-size":"auto","background-attachment":"scroll","background-type":"","background-media":"","overlay-type":"","overlay-color":"","overlay-opacity":"","overlay-gradient":""}},"ast-content-background-meta":{"desktop":{"background-color":"var(--ast-global-color-5)","background-image":"","background-repeat":"repeat","background-position":"center center","background-size":"auto","background-attachment":"scroll","background-type":"","background-media":"","overlay-type":"","overlay-color":"","overlay-opacity":"","overlay-gradient":""},"tablet":{"background-color":"var(--ast-global-color-5)","background-image":"","background-repeat":"repeat","background-position":"center center","background-size":"auto","background-attachment":"scroll","background-type":"","background-media":"","overlay-type":"","overlay-color":"","overlay-opacity":"","overlay-gradient":""},"mobile":{"background-color":"var(--ast-global-color-5)","background-image":"","background-repeat":"repeat","background-position":"center center","background-size":"auto","background-attachment":"scroll","background-type":"","background-media":"","overlay-type":"","overlay-color":"","overlay-opacity":"","overlay-gradient":""}},"footnotes":""},"class_list":["post-17900","page","type-page","status-publish","hentry"],"jetpack_sharing_enabled":true,"_links":{"self":[{"href":"https:\/\/psychosomatik-krause.de\/en\/wp-json\/wp\/v2\/pages\/17900","targetHints":{"allow":["GET"]}}],"collection":[{"href":"https:\/\/psychosomatik-krause.de\/en\/wp-json\/wp\/v2\/pages"}],"about":[{"href":"https:\/\/psychosomatik-krause.de\/en\/wp-json\/wp\/v2\/types\/page"}],"author":[{"embeddable":true,"href":"https:\/\/psychosomatik-krause.de\/en\/wp-json\/wp\/v2\/users\/2"}],"replies":[{"embeddable":true,"href":"https:\/\/psychosomatik-krause.de\/en\/wp-json\/wp\/v2\/comments?post=17900"}],"version-history":[{"count":13,"href":"https:\/\/psychosomatik-krause.de\/en\/wp-json\/wp\/v2\/pages\/17900\/revisions"}],"predecessor-version":[{"id":17933,"href":"https:\/\/psychosomatik-krause.de\/en\/wp-json\/wp\/v2\/pages\/17900\/revisions\/17933"}],"wp:attachment":[{"href":"https:\/\/psychosomatik-krause.de\/en\/wp-json\/wp\/v2\/media?parent=17900"}],"curies":[{"name":"wp","href":"https:\/\/api.w.org\/{rel}","templated":true}]}}